{"id":2434,"date":"2022-04-05T12:35:26","date_gmt":"2022-04-05T12:35:26","guid":{"rendered":"https:\/\/www.skechers.com.tr\/blog\/?page_id=2434"},"modified":"2022-09-23T08:56:26","modified_gmt":"2022-09-23T08:56:26","slug":"2434-2","status":"publish","type":"page","link":"https:\/\/www.skechers.com.tr\/blog\/","title":{"rendered":"Anasayfa"},"content":{"rendered":"<p>[vc_row equal_height=&#8221;yes&#8221; stop_spacing=&#8221;no&#8221; sbot_spacing=&#8221;yes&#8221; spadding=&#8221;spaddingbottom&#8221;][vc_column]\t\t<!-- Slider Section -->\r\n\t\t<div class=\"container-fluid no-left-padding no-right-padding slider-section\">\r\n\t\t\t<div class=\"image-loader spinner-image\">\r\n\t\t\t\t<div class=\"spinner\">\r\n\t\t\t\t\t<div class=\"dot1\"><\/div>\r\n\t\t\t\t\t<div class=\"dot2\"><\/div>\r\n\t\t\t\t\t<div class=\"bounce1\"><\/div>\r\n\t\t\t\t\t<div class=\"bounce2\"><\/div>\r\n\t\t\t\t\t<div class=\"bounce3\"><\/div>\r\n\t\t\t\t<\/div>\r\n\t\t\t<\/div>\r\n\t\t\t<div class=\"slider-carousel-4\">\r\n\t\t\t\t\t\t\t\t\t<div class=\"post-box\">\r\n\t\t\t\t\t\t<img width=\"477\" height=\"500\" src=\"https:\/\/www.skechers.com.tr\/blog\/wp-content\/uploads\/2026\/04\/cloud_dancer-477x500.jpg\" class=\"attachment-minimag_477_500 size-minimag_477_500 wp-post-image\" alt=\"cloud_dancer\" decoding=\"async\" loading=\"lazy\" \/>\t\t\t\t\t\t<div class=\"entry-content\">\r\n\t\t\t\t\t\t\t\t\t\t\t\t\t\t\t\t<span class=\"post-category\">\r\n\t\t\t\t\t\t\t\t\t\t<a href=\"https:\/\/www.skechers.com.tr\/blog\/moda\/\" rel=\"category tag\">Moda<\/a>\t\t\t\t\t\t\t\t\t<\/span>\r\n\t\t\t\t\t\t\t\t\t\t\t\t\t\t\t\t<h3><a href=\"https:\/\/www.skechers.com.tr\/blog\/2026nin-one-cikan-rengi-cloud-dancer-nedir\/\" title=\"2026\u2019n\u0131n \u00d6ne \u00c7\u0131kan Rengi Cloud Dancer Nedir?\">2026\u2019n\u0131n \u00d6ne \u00c7\u0131kan Rengi Cloud Dancer Nedir?<\/a><\/h3>\r\n\t\t\t\t\t\t\t<a href=\"https:\/\/www.skechers.com.tr\/blog\/2026nin-one-cikan-rengi-cloud-dancer-nedir\/\" title=\"Read More\">\r\n\t\t\t\t\t\t\t\tRead More\t\t\t\t\t\t\t<\/a>\r\n\t\t\t\t\t\t<\/div>\r\n\t\t\t\t\t<\/div>\r\n\t\t\t\t\t\t\t\t\t\t<div class=\"post-box\">\r\n\t\t\t\t\t\t<img width=\"477\" height=\"500\" src=\"https:\/\/www.skechers.com.tr\/blog\/wp-content\/uploads\/2026\/04\/barre-477x500.jpg\" class=\"attachment-minimag_477_500 size-minimag_477_500 wp-post-image\" alt=\"barre\" decoding=\"async\" loading=\"lazy\" \/>\t\t\t\t\t\t<div class=\"entry-content\">\r\n\t\t\t\t\t\t\t\t\t\t\t\t\t\t\t\t<span class=\"post-category\">\r\n\t\t\t\t\t\t\t\t\t\t<a href=\"https:\/\/www.skechers.com.tr\/blog\/fit\/\" rel=\"category tag\">Fit<\/a>\t\t\t\t\t\t\t\t\t<\/span>\r\n\t\t\t\t\t\t\t\t\t\t\t\t\t\t\t\t<h3><a href=\"https:\/\/www.skechers.com.tr\/blog\/barre-workout-nedir-barre-workout-faydalari-nelerdir\/\" title=\"Barre Workout Nedir? &#038; Barre Workout Faydalar\u0131 Nelerdir?\">Barre Workout Nedir? &#038; Barre Workout Faydalar\u0131 Nelerdir?<\/a><\/h3>\r\n\t\t\t\t\t\t\t<a href=\"https:\/\/www.skechers.com.tr\/blog\/barre-workout-nedir-barre-workout-faydalari-nelerdir\/\" title=\"Read More\">\r\n\t\t\t\t\t\t\t\tRead More\t\t\t\t\t\t\t<\/a>\r\n\t\t\t\t\t\t<\/div>\r\n\t\t\t\t\t<\/div>\r\n\t\t\t\t\t\t\t\t\t\t<div class=\"post-box\">\r\n\t\t\t\t\t\t<img width=\"477\" height=\"500\" src=\"https:\/\/www.skechers.com.tr\/blog\/wp-content\/uploads\/2026\/04\/slip-ins-477x500.png\" class=\"attachment-minimag_477_500 size-minimag_477_500 wp-post-image\" alt=\"slip ins\" decoding=\"async\" loading=\"lazy\" \/>\t\t\t\t\t\t<div class=\"entry-content\">\r\n\t\t\t\t\t\t\t\t\t\t\t\t\t\t\t\t<span class=\"post-category\">\r\n\t\t\t\t\t\t\t\t\t\t<a href=\"https:\/\/www.skechers.com.tr\/blog\/teknolojiler\/\" rel=\"category tag\">Teknolojiler<\/a>\t\t\t\t\t\t\t\t\t<\/span>\r\n\t\t\t\t\t\t\t\t\t\t\t\t\t\t\t\t<h3><a href=\"https:\/\/www.skechers.com.tr\/blog\/ayakkabi-bagciklarindan-kurtulmanin-gunluk-hayatimiza-etkisi\/\" title=\"Ayakkab\u0131 Ba\u011fc\u0131klar\u0131ndan Kurtulman\u0131n G\u00fcnl\u00fck Hayat\u0131m\u0131za Etkisi\">Ayakkab\u0131 Ba\u011fc\u0131klar\u0131ndan Kurtulman\u0131n G\u00fcnl\u00fck Hayat\u0131m\u0131za Etkisi<\/a><\/h3>\r\n\t\t\t\t\t\t\t<a href=\"https:\/\/www.skechers.com.tr\/blog\/ayakkabi-bagciklarindan-kurtulmanin-gunluk-hayatimiza-etkisi\/\" title=\"Read More\">\r\n\t\t\t\t\t\t\t\tRead More\t\t\t\t\t\t\t<\/a>\r\n\t\t\t\t\t\t<\/div>\r\n\t\t\t\t\t<\/div>\r\n\t\t\t\t\t\t\t\t\t\t<div class=\"post-box\">\r\n\t\t\t\t\t\t<img width=\"477\" height=\"500\" src=\"https:\/\/www.skechers.com.tr\/blog\/wp-content\/uploads\/2026\/04\/kids-477x500.jpg\" class=\"attachment-minimag_477_500 size-minimag_477_500 wp-post-image\" alt=\"kids\" decoding=\"async\" loading=\"lazy\" \/>\t\t\t\t\t\t<div class=\"entry-content\">\r\n\t\t\t\t\t\t\t\t\t\t\t\t\t\t\t\t<span class=\"post-category\">\r\n\t\t\t\t\t\t\t\t\t\t<a href=\"https:\/\/www.skechers.com.tr\/blog\/yasam\/\" rel=\"category tag\">Ya\u015fam<\/a>\t\t\t\t\t\t\t\t\t<\/span>\r\n\t\t\t\t\t\t\t\t\t\t\t\t\t\t\t\t<h3><a href=\"https:\/\/www.skechers.com.tr\/blog\/23-nisanda-cocuklarin-rahat-etmesini-saglayan-ayakkabilar\/\" title=\"23 Nisan\u2019da \u00c7ocuklar\u0131n Rahat Etmesini Sa\u011flayan Ayakkab\u0131lar\">23 Nisan\u2019da \u00c7ocuklar\u0131n Rahat Etmesini Sa\u011flayan Ayakkab\u0131lar<\/a><\/h3>\r\n\t\t\t\t\t\t\t<a href=\"https:\/\/www.skechers.com.tr\/blog\/23-nisanda-cocuklarin-rahat-etmesini-saglayan-ayakkabilar\/\" title=\"Read More\">\r\n\t\t\t\t\t\t\t\tRead More\t\t\t\t\t\t\t<\/a>\r\n\t\t\t\t\t\t<\/div>\r\n\t\t\t\t\t<\/div>\r\n\t\t\t\t\t\t\t\t<\/div>\r\n\t\t<\/div><!-- Slider Section \/- -->\r\n\t\t[\/vc_column][\/vc_row][vc_row equal_height=&#8221;yes&#8221; content_placement=&#8221;top&#8221; type=&#8221;container&#8221;][vc_column]\t\r\n\t<!-- Page Content -->\r\n\t<div class=\"container-fluid no-left-padding no-right-padding blog-2-col-no-sidebar\">\r\n\t\t<!-- Container -->\r\n\t\t<div class=\"container\">\r\n\t\t\t<div class=\"row justify-content-md-center\">\r\n\t\t\t\t<!-- Content Area -->\r\n\t\t\t\t<div class=\"col-xl-10 col-lg-12 col-md-12 content-area\">\r\n\t\t\t\t\t<!-- Row -->\r\n\t\t\t\t\t<div class=\"row blog-masonry-list\">\r\n\t\t\t\t\t\t\t\t\t\t\t\t\t<div class=\"col-lg-6 col-md-6 col-sm-6 blog-masonry-box 1\">\r\n\t\t\t\t\t\t\t\t<div class=\"post-3366 post type-post status-publish format-standard has-post-thumbnail hentry category-moda\">\r\n\t\t\t\t\t\t\t\t\t\t\t\t\t\t\t\t\t\t\t\t<div class=\"entry-cover\">\r\n\t\t\t\t\t\t\t\t\t\t\t\t<div class=\"post-meta\">\r\n\t\t\t\t\t\t\t\t\t\t\t\t\t<span class=\"byline\">by\t\t\t\t\t\t\t\t\t\t\t\t\t\t<a href=\"https:\/\/www.skechers.com.tr\/blog\/author\/olka\/\" title=\"Skechers T\u00fcrkiye\">Skechers T\u00fcrkiye<\/a>\r\n\t\t\t\t\t\t\t\t\t\t\t\t\t<\/span>\r\n\t\t\t\t\t\t\t\t\t\t\t\t\t<span class=\"post-date\">\r\n\t\t\t\t\t\t\t\t\t\t\t\t\t\t<a href=\"https:\/\/www.skechers.com.tr\/blog\/2026nin-one-cikan-rengi-cloud-dancer-nedir\/\">Nisan 6, 2026<\/a>\r\n\t\t\t\t\t\t\t\t\t\t\t\t\t<\/span>\r\n\t\t\t\t\t\t\t\t\t\t\t\t<\/div>\r\n\t\t\t\t\t\t\t\t\t\t\t\t<a href=\"https:\/\/www.skechers.com.tr\/blog\/2026nin-one-cikan-rengi-cloud-dancer-nedir\/\">\r\n\t\t\t\t\t\t\t\t\t\t\t\t\t<img width=\"440\" height=\"293\" src=\"https:\/\/www.skechers.com.tr\/blog\/wp-content\/uploads\/2026\/04\/cloud_dancer-440x293.jpg\" class=\"attachment-minimag_440_293 size-minimag_440_293 wp-post-image\" alt=\"cloud_dancer\" decoding=\"async\" loading=\"lazy\" srcset=\"https:\/\/www.skechers.com.tr\/blog\/wp-content\/uploads\/2026\/04\/cloud_dancer-440x294.jpg 440w, https:\/\/www.skechers.com.tr\/blog\/wp-content\/uploads\/2026\/04\/cloud_dancer-300x199.jpg 300w, https:\/\/www.skechers.com.tr\/blog\/wp-content\/uploads\/2026\/04\/cloud_dancer-768x511.jpg 768w, https:\/\/www.skechers.com.tr\/blog\/wp-content\/uploads\/2026\/04\/cloud_dancer-345x230.jpg 345w, https:\/\/www.skechers.com.tr\/blog\/wp-content\/uploads\/2026\/04\/cloud_dancer-370x247.jpg 370w, https:\/\/www.skechers.com.tr\/blog\/wp-content\/uploads\/2026\/04\/cloud_dancer-570x380.jpg 570w, https:\/\/www.skechers.com.tr\/blog\/wp-content\/uploads\/2026\/04\/cloud_dancer-170x113.jpg 170w, https:\/\/www.skechers.com.tr\/blog\/wp-content\/uploads\/2026\/04\/cloud_dancer.jpg 770w\" sizes=\"(max-width: 440px) 100vw, 440px\" \/>\t\t\t\t\t\t\t\t\t\t\t\t<\/a>\r\n\t\t\t\t\t\t\t\t\t\t\t<\/div>\r\n\t\t\t\t\t\t\t\t\t\t\t\t\t\t\t\t\t\t\t\t<div class=\"entry-content\">\r\n\t\t\t\t\t\t\t\t\t\t<div class=\"entry-header\">\t\r\n\t\t\t\t\t\t\t\t\t\t\t\t\t\t\t\t\t\t\t\t\t\t\t<span class=\"post-category\">\r\n\t\t\t\t\t\t\t\t\t\t\t\t\t<a href=\"https:\/\/www.skechers.com.tr\/blog\/moda\/\" rel=\"category tag\">Moda<\/a>\t\t\t\t\t\t\t\t\t\t\t\t<\/span>\r\n\t\t\t\t\t\t\t\t\t\t\t\t\t\t\t\t\t\t\t\t\t\t\t<h3 class=\"entry-title\">\r\n\t\t\t\t\t\t\t\t\t\t\t\t<a href=\"https:\/\/www.skechers.com.tr\/blog\/2026nin-one-cikan-rengi-cloud-dancer-nedir\/\" title=\"2026\u2019n\u0131n \u00d6ne \u00c7\u0131kan Rengi Cloud Dancer Nedir?\">2026\u2019n\u0131n \u00d6ne \u00c7\u0131kan Rengi Cloud Dancer Nedir?<\/a>\r\n\t\t\t\t\t\t\t\t\t\t\t<\/h3>\r\n\t\t\t\t\t\t\t\t\t\t<\/div>\t\t\t\t\t\t\t\t\r\n\t\t\t\t\t\t\t\t\t\t<p>D\u00fcnya her ge\u00e7en g\u00fcn daha h\u0131zl\u0131 d\u00f6nerken, moda ve tasar\u0131m d\u00fcnyas\u0131 bizi yava\u015flamaya, nefes almaya ve sadele\u015fmeye davet ediyor. 2026 y\u0131l\u0131n\u0131n ruhunu \u015fekillendiren renk trendleri, ...<\/p>\r\n\t\t\t\t\t\t\t\t\t\t<a href=\"https:\/\/www.skechers.com.tr\/blog\/2026nin-one-cikan-rengi-cloud-dancer-nedir\/\" title=\"Read More\">\r\n\t\t\t\t\t\t\t\t\t\t\tRead More\t\t\t\t\t\t\t\t\t\t<\/a>\r\n\t\t\t\t\t\t\t\t\t<\/div>\r\n\t\t\t\t\t\t\t\t<\/div>\r\n\t\t\t\t\t\t\t<\/div>\r\n\t\t\t\t\t\t\t\t\t\t\t\t\t\t<div class=\"col-lg-6 col-md-6 col-sm-6 blog-masonry-box 1\">\r\n\t\t\t\t\t\t\t\t<div class=\"post-3363 post type-post status-publish format-standard has-post-thumbnail hentry category-fit\">\r\n\t\t\t\t\t\t\t\t\t\t\t\t\t\t\t\t\t\t\t\t<div class=\"entry-cover\">\r\n\t\t\t\t\t\t\t\t\t\t\t\t<div class=\"post-meta\">\r\n\t\t\t\t\t\t\t\t\t\t\t\t\t<span class=\"byline\">by\t\t\t\t\t\t\t\t\t\t\t\t\t\t<a href=\"https:\/\/www.skechers.com.tr\/blog\/author\/olka\/\" title=\"Skechers T\u00fcrkiye\">Skechers T\u00fcrkiye<\/a>\r\n\t\t\t\t\t\t\t\t\t\t\t\t\t<\/span>\r\n\t\t\t\t\t\t\t\t\t\t\t\t\t<span class=\"post-date\">\r\n\t\t\t\t\t\t\t\t\t\t\t\t\t\t<a href=\"https:\/\/www.skechers.com.tr\/blog\/barre-workout-nedir-barre-workout-faydalari-nelerdir\/\">Nisan 6, 2026<\/a>\r\n\t\t\t\t\t\t\t\t\t\t\t\t\t<\/span>\r\n\t\t\t\t\t\t\t\t\t\t\t\t<\/div>\r\n\t\t\t\t\t\t\t\t\t\t\t\t<a href=\"https:\/\/www.skechers.com.tr\/blog\/barre-workout-nedir-barre-workout-faydalari-nelerdir\/\">\r\n\t\t\t\t\t\t\t\t\t\t\t\t\t<img width=\"440\" height=\"512\" src=\"https:\/\/www.skechers.com.tr\/blog\/wp-content\/uploads\/2026\/04\/barre-440x512.jpg\" class=\"attachment-minimag_440_660 size-minimag_440_660 wp-post-image\" alt=\"barre\" decoding=\"async\" loading=\"lazy\" \/>\t\t\t\t\t\t\t\t\t\t\t\t<\/a>\r\n\t\t\t\t\t\t\t\t\t\t\t<\/div>\r\n\t\t\t\t\t\t\t\t\t\t\t\t\t\t\t\t\t\t\t\t<div class=\"entry-content\">\r\n\t\t\t\t\t\t\t\t\t\t<div class=\"entry-header\">\t\r\n\t\t\t\t\t\t\t\t\t\t\t\t\t\t\t\t\t\t\t\t\t\t\t<span class=\"post-category\">\r\n\t\t\t\t\t\t\t\t\t\t\t\t\t<a href=\"https:\/\/www.skechers.com.tr\/blog\/fit\/\" rel=\"category tag\">Fit<\/a>\t\t\t\t\t\t\t\t\t\t\t\t<\/span>\r\n\t\t\t\t\t\t\t\t\t\t\t\t\t\t\t\t\t\t\t\t\t\t\t<h3 class=\"entry-title\">\r\n\t\t\t\t\t\t\t\t\t\t\t\t<a href=\"https:\/\/www.skechers.com.tr\/blog\/barre-workout-nedir-barre-workout-faydalari-nelerdir\/\" title=\"Barre Workout Nedir? &#038; Barre Workout Faydalar\u0131 Nelerdir?\">Barre Workout Nedir? &#038; Barre Workout Faydalar\u0131 Nelerdir?<\/a>\r\n\t\t\t\t\t\t\t\t\t\t\t<\/h3>\r\n\t\t\t\t\t\t\t\t\t\t<\/div>\t\t\t\t\t\t\t\t\r\n\t\t\t\t\t\t\t\t\t\t<p>Zarafetin g\u00fc\u00e7le bulu\u015ftu\u011fu o ince \u00e7izgide, son y\u0131llar\u0131n en \u00e7ok konu\u015fulan trendlerinden biri y\u00fckseliyor. Aynan\u0131n kar\u015f\u0131s\u0131nda bir balerin asaletiyle dururken, kaslar\u0131n\u0131z\u0131n o tatl\u0131 yanma hissiyle ...<\/p>\r\n\t\t\t\t\t\t\t\t\t\t<a href=\"https:\/\/www.skechers.com.tr\/blog\/barre-workout-nedir-barre-workout-faydalari-nelerdir\/\" title=\"Read More\">\r\n\t\t\t\t\t\t\t\t\t\t\tRead More\t\t\t\t\t\t\t\t\t\t<\/a>\r\n\t\t\t\t\t\t\t\t\t<\/div>\r\n\t\t\t\t\t\t\t\t<\/div>\r\n\t\t\t\t\t\t\t<\/div>\r\n\t\t\t\t\t\t\t\t\t\t\t\t\t\t<div class=\"col-lg-6 col-md-6 col-sm-6 blog-masonry-box 1\">\r\n\t\t\t\t\t\t\t\t<div class=\"post-3360 post type-post status-publish format-standard has-post-thumbnail hentry category-teknolojiler\">\r\n\t\t\t\t\t\t\t\t\t\t\t\t\t\t\t\t\t\t\t\t<div class=\"entry-cover\">\r\n\t\t\t\t\t\t\t\t\t\t\t\t<div class=\"post-meta\">\r\n\t\t\t\t\t\t\t\t\t\t\t\t\t<span class=\"byline\">by\t\t\t\t\t\t\t\t\t\t\t\t\t\t<a href=\"https:\/\/www.skechers.com.tr\/blog\/author\/olka\/\" title=\"Skechers T\u00fcrkiye\">Skechers T\u00fcrkiye<\/a>\r\n\t\t\t\t\t\t\t\t\t\t\t\t\t<\/span>\r\n\t\t\t\t\t\t\t\t\t\t\t\t\t<span class=\"post-date\">\r\n\t\t\t\t\t\t\t\t\t\t\t\t\t\t<a href=\"https:\/\/www.skechers.com.tr\/blog\/ayakkabi-bagciklarindan-kurtulmanin-gunluk-hayatimiza-etkisi\/\">Nisan 6, 2026<\/a>\r\n\t\t\t\t\t\t\t\t\t\t\t\t\t<\/span>\r\n\t\t\t\t\t\t\t\t\t\t\t\t<\/div>\r\n\t\t\t\t\t\t\t\t\t\t\t\t<a href=\"https:\/\/www.skechers.com.tr\/blog\/ayakkabi-bagciklarindan-kurtulmanin-gunluk-hayatimiza-etkisi\/\">\r\n\t\t\t\t\t\t\t\t\t\t\t\t\t<img width=\"440\" height=\"440\" src=\"https:\/\/www.skechers.com.tr\/blog\/wp-content\/uploads\/2026\/04\/slip-ins-440x440.png\" class=\"attachment-minimag_440_440 size-minimag_440_440 wp-post-image\" alt=\"slip ins\" decoding=\"async\" loading=\"lazy\" srcset=\"https:\/\/www.skechers.com.tr\/blog\/wp-content\/uploads\/2026\/04\/slip-ins-440x440.png 440w, https:\/\/www.skechers.com.tr\/blog\/wp-content\/uploads\/2026\/04\/slip-ins-150x150.png 150w, https:\/\/www.skechers.com.tr\/blog\/wp-content\/uploads\/2026\/04\/slip-ins-170x170.png 170w, https:\/\/www.skechers.com.tr\/blog\/wp-content\/uploads\/2026\/04\/slip-ins-370x370.png 370w\" sizes=\"(max-width: 440px) 100vw, 440px\" \/>\t\t\t\t\t\t\t\t\t\t\t\t<\/a>\r\n\t\t\t\t\t\t\t\t\t\t\t<\/div>\r\n\t\t\t\t\t\t\t\t\t\t\t\t\t\t\t\t\t\t\t\t<div class=\"entry-content\">\r\n\t\t\t\t\t\t\t\t\t\t<div class=\"entry-header\">\t\r\n\t\t\t\t\t\t\t\t\t\t\t\t\t\t\t\t\t\t\t\t\t\t\t<span class=\"post-category\">\r\n\t\t\t\t\t\t\t\t\t\t\t\t\t<a href=\"https:\/\/www.skechers.com.tr\/blog\/teknolojiler\/\" rel=\"category tag\">Teknolojiler<\/a>\t\t\t\t\t\t\t\t\t\t\t\t<\/span>\r\n\t\t\t\t\t\t\t\t\t\t\t\t\t\t\t\t\t\t\t\t\t\t\t<h3 class=\"entry-title\">\r\n\t\t\t\t\t\t\t\t\t\t\t\t<a href=\"https:\/\/www.skechers.com.tr\/blog\/ayakkabi-bagciklarindan-kurtulmanin-gunluk-hayatimiza-etkisi\/\" title=\"Ayakkab\u0131 Ba\u011fc\u0131klar\u0131ndan Kurtulman\u0131n G\u00fcnl\u00fck Hayat\u0131m\u0131za Etkisi\">Ayakkab\u0131 Ba\u011fc\u0131klar\u0131ndan Kurtulman\u0131n G\u00fcnl\u00fck Hayat\u0131m\u0131za Etkisi<\/a>\r\n\t\t\t\t\t\t\t\t\t\t\t<\/h3>\r\n\t\t\t\t\t\t\t\t\t\t<\/div>\t\t\t\t\t\t\t\t\r\n\t\t\t\t\t\t\t\t\t\t<p>\u015eehrin hi\u00e7 bitmeyen ritmi i\u00e7inde bazen saniyelerin bile pe\u015finden ko\u015fuyoruz. Haz\u0131rlan\u0131p kap\u0131dan \u00e7\u0131kma s\u00fcremiz, kahvemizi alma h\u0131z\u0131m\u0131z ve bir toplant\u0131dan di\u011ferine yeti\u015firken sergiledi\u011fimiz \u00e7eviklik ya\u015fam ...<\/p>\r\n\t\t\t\t\t\t\t\t\t\t<a href=\"https:\/\/www.skechers.com.tr\/blog\/ayakkabi-bagciklarindan-kurtulmanin-gunluk-hayatimiza-etkisi\/\" title=\"Read More\">\r\n\t\t\t\t\t\t\t\t\t\t\tRead More\t\t\t\t\t\t\t\t\t\t<\/a>\r\n\t\t\t\t\t\t\t\t\t<\/div>\r\n\t\t\t\t\t\t\t\t<\/div>\r\n\t\t\t\t\t\t\t<\/div>\r\n\t\t\t\t\t\t\t\t\t\t\t\t\t\t<div class=\"col-lg-6 col-md-6 col-sm-6 blog-masonry-box 1\">\r\n\t\t\t\t\t\t\t\t<div class=\"post-3357 post type-post status-publish format-standard has-post-thumbnail hentry category-yasam\">\r\n\t\t\t\t\t\t\t\t\t\t\t\t\t\t\t\t\t\t\t\t<div class=\"entry-cover\">\r\n\t\t\t\t\t\t\t\t\t\t\t\t<div class=\"post-meta\">\r\n\t\t\t\t\t\t\t\t\t\t\t\t\t<span class=\"byline\">by\t\t\t\t\t\t\t\t\t\t\t\t\t\t<a href=\"https:\/\/www.skechers.com.tr\/blog\/author\/olka\/\" title=\"Skechers T\u00fcrkiye\">Skechers T\u00fcrkiye<\/a>\r\n\t\t\t\t\t\t\t\t\t\t\t\t\t<\/span>\r\n\t\t\t\t\t\t\t\t\t\t\t\t\t<span class=\"post-date\">\r\n\t\t\t\t\t\t\t\t\t\t\t\t\t\t<a href=\"https:\/\/www.skechers.com.tr\/blog\/23-nisanda-cocuklarin-rahat-etmesini-saglayan-ayakkabilar\/\">Nisan 6, 2026<\/a>\r\n\t\t\t\t\t\t\t\t\t\t\t\t\t<\/span>\r\n\t\t\t\t\t\t\t\t\t\t\t\t<\/div>\r\n\t\t\t\t\t\t\t\t\t\t\t\t<a href=\"https:\/\/www.skechers.com.tr\/blog\/23-nisanda-cocuklarin-rahat-etmesini-saglayan-ayakkabilar\/\">\r\n\t\t\t\t\t\t\t\t\t\t\t\t\t<img width=\"440\" height=\"293\" src=\"https:\/\/www.skechers.com.tr\/blog\/wp-content\/uploads\/2026\/04\/kids-440x293.jpg\" class=\"attachment-minimag_440_293 size-minimag_440_293 wp-post-image\" alt=\"kids\" decoding=\"async\" loading=\"lazy\" srcset=\"https:\/\/www.skechers.com.tr\/blog\/wp-content\/uploads\/2026\/04\/kids-440x294.jpg 440w, https:\/\/www.skechers.com.tr\/blog\/wp-content\/uploads\/2026\/04\/kids-300x199.jpg 300w, https:\/\/www.skechers.com.tr\/blog\/wp-content\/uploads\/2026\/04\/kids-768x511.jpg 768w, https:\/\/www.skechers.com.tr\/blog\/wp-content\/uploads\/2026\/04\/kids-345x230.jpg 345w, https:\/\/www.skechers.com.tr\/blog\/wp-content\/uploads\/2026\/04\/kids-370x247.jpg 370w, https:\/\/www.skechers.com.tr\/blog\/wp-content\/uploads\/2026\/04\/kids-570x380.jpg 570w, https:\/\/www.skechers.com.tr\/blog\/wp-content\/uploads\/2026\/04\/kids-170x113.jpg 170w, https:\/\/www.skechers.com.tr\/blog\/wp-content\/uploads\/2026\/04\/kids.jpg 770w\" sizes=\"(max-width: 440px) 100vw, 440px\" \/>\t\t\t\t\t\t\t\t\t\t\t\t<\/a>\r\n\t\t\t\t\t\t\t\t\t\t\t<\/div>\r\n\t\t\t\t\t\t\t\t\t\t\t\t\t\t\t\t\t\t\t\t<div class=\"entry-content\">\r\n\t\t\t\t\t\t\t\t\t\t<div class=\"entry-header\">\t\r\n\t\t\t\t\t\t\t\t\t\t\t\t\t\t\t\t\t\t\t\t\t\t\t<span class=\"post-category\">\r\n\t\t\t\t\t\t\t\t\t\t\t\t\t<a href=\"https:\/\/www.skechers.com.tr\/blog\/yasam\/\" rel=\"category tag\">Ya\u015fam<\/a>\t\t\t\t\t\t\t\t\t\t\t\t<\/span>\r\n\t\t\t\t\t\t\t\t\t\t\t\t\t\t\t\t\t\t\t\t\t\t\t<h3 class=\"entry-title\">\r\n\t\t\t\t\t\t\t\t\t\t\t\t<a href=\"https:\/\/www.skechers.com.tr\/blog\/23-nisanda-cocuklarin-rahat-etmesini-saglayan-ayakkabilar\/\" title=\"23 Nisan\u2019da \u00c7ocuklar\u0131n Rahat Etmesini Sa\u011flayan Ayakkab\u0131lar\">23 Nisan\u2019da \u00c7ocuklar\u0131n Rahat Etmesini Sa\u011flayan Ayakkab\u0131lar<\/a>\r\n\t\t\t\t\t\t\t\t\t\t\t<\/h3>\r\n\t\t\t\t\t\t\t\t\t\t<\/div>\t\t\t\t\t\t\t\t\r\n\t\t\t\t\t\t\t\t\t\t<p>Baharla gelen o tatl\u0131 tela\u015f, \u00e7ocuklar\u0131n g\u00f6zlerindeki \u0131\u015f\u0131lt\u0131yla birle\u015fti\u011finde y\u0131l\u0131n en renkli g\u00fcn\u00fc kap\u0131ya dayanm\u0131\u015f demektir. Sahne \u0131\u015f\u0131klar\u0131n\u0131n alt\u0131nda parlayan minik ad\u0131mlar, okul bah\u00e7elerinde yank\u0131lanan ...<\/p>\r\n\t\t\t\t\t\t\t\t\t\t<a href=\"https:\/\/www.skechers.com.tr\/blog\/23-nisanda-cocuklarin-rahat-etmesini-saglayan-ayakkabilar\/\" title=\"Read More\">\r\n\t\t\t\t\t\t\t\t\t\t\tRead More\t\t\t\t\t\t\t\t\t\t<\/a>\r\n\t\t\t\t\t\t\t\t\t<\/div>\r\n\t\t\t\t\t\t\t\t<\/div>\r\n\t\t\t\t\t\t\t<\/div>\r\n\t\t\t\t\t\t\t\t\t\t\t\t\t\t<div class=\"col-lg-6 col-md-6 col-sm-6 blog-masonry-box 1\">\r\n\t\t\t\t\t\t\t\t<div class=\"post-3353 post type-post status-publish format-standard has-post-thumbnail hentry category-fit\">\r\n\t\t\t\t\t\t\t\t\t\t\t\t\t\t\t\t\t\t\t\t<div class=\"entry-cover\">\r\n\t\t\t\t\t\t\t\t\t\t\t\t<div class=\"post-meta\">\r\n\t\t\t\t\t\t\t\t\t\t\t\t\t<span class=\"byline\">by\t\t\t\t\t\t\t\t\t\t\t\t\t\t<a href=\"https:\/\/www.skechers.com.tr\/blog\/author\/olka\/\" title=\"Skechers T\u00fcrkiye\">Skechers T\u00fcrkiye<\/a>\r\n\t\t\t\t\t\t\t\t\t\t\t\t\t<\/span>\r\n\t\t\t\t\t\t\t\t\t\t\t\t\t<span class=\"post-date\">\r\n\t\t\t\t\t\t\t\t\t\t\t\t\t\t<a href=\"https:\/\/www.skechers.com.tr\/blog\/shrug-nasil-yapilir-shrug-hangi-kasi-calistirir\/\">Mart 4, 2026<\/a>\r\n\t\t\t\t\t\t\t\t\t\t\t\t\t<\/span>\r\n\t\t\t\t\t\t\t\t\t\t\t\t<\/div>\r\n\t\t\t\t\t\t\t\t\t\t\t\t<a href=\"https:\/\/www.skechers.com.tr\/blog\/shrug-nasil-yapilir-shrug-hangi-kasi-calistirir\/\">\r\n\t\t\t\t\t\t\t\t\t\t\t\t\t<img width=\"440\" height=\"512\" src=\"https:\/\/www.skechers.com.tr\/blog\/wp-content\/uploads\/2026\/03\/shrug-440x512.jpg\" class=\"attachment-minimag_440_589 size-minimag_440_589 wp-post-image\" alt=\"shrug\" decoding=\"async\" loading=\"lazy\" \/>\t\t\t\t\t\t\t\t\t\t\t\t<\/a>\r\n\t\t\t\t\t\t\t\t\t\t\t<\/div>\r\n\t\t\t\t\t\t\t\t\t\t\t\t\t\t\t\t\t\t\t\t<div class=\"entry-content\">\r\n\t\t\t\t\t\t\t\t\t\t<div class=\"entry-header\">\t\r\n\t\t\t\t\t\t\t\t\t\t\t\t\t\t\t\t\t\t\t\t\t\t\t<span class=\"post-category\">\r\n\t\t\t\t\t\t\t\t\t\t\t\t\t<a href=\"https:\/\/www.skechers.com.tr\/blog\/fit\/\" rel=\"category tag\">Fit<\/a>\t\t\t\t\t\t\t\t\t\t\t\t<\/span>\r\n\t\t\t\t\t\t\t\t\t\t\t\t\t\t\t\t\t\t\t\t\t\t\t<h3 class=\"entry-title\">\r\n\t\t\t\t\t\t\t\t\t\t\t\t<a href=\"https:\/\/www.skechers.com.tr\/blog\/shrug-nasil-yapilir-shrug-hangi-kasi-calistirir\/\" title=\"Shrug Nas\u0131l Yap\u0131l\u0131r? &#038; Shrug Hangi Kas\u0131 \u00c7al\u0131\u015ft\u0131r\u0131r?\">Shrug Nas\u0131l Yap\u0131l\u0131r? &#038; Shrug Hangi Kas\u0131 \u00c7al\u0131\u015ft\u0131r\u0131r?<\/a>\r\n\t\t\t\t\t\t\t\t\t\t\t<\/h3>\r\n\t\t\t\t\t\t\t\t\t\t<\/div>\t\t\t\t\t\t\t\t\r\n\t\t\t\t\t\t\t\t\t\t<p>Omuzlar\u0131n\u0131 bir t\u0131k daha \u201cg\u00fc\u00e7l\u00fc duru\u015f\u201d moduna almak istiyorsan, shrug tam da bu i\u015fin klasiklerinden. Spor salonunda barla yap\u0131lan versiyonunu da g\u00f6rm\u00fc\u015fs\u00fcnd\u00fcr, iki damb\u0131lla sakin ...<\/p>\r\n\t\t\t\t\t\t\t\t\t\t<a href=\"https:\/\/www.skechers.com.tr\/blog\/shrug-nasil-yapilir-shrug-hangi-kasi-calistirir\/\" title=\"Read More\">\r\n\t\t\t\t\t\t\t\t\t\t\tRead More\t\t\t\t\t\t\t\t\t\t<\/a>\r\n\t\t\t\t\t\t\t\t\t<\/div>\r\n\t\t\t\t\t\t\t\t<\/div>\r\n\t\t\t\t\t\t\t<\/div>\r\n\t\t\t\t\t\t\t\t\t\t\t\t\t\t<div class=\"col-lg-6 col-md-6 col-sm-6 blog-masonry-box 1\">\r\n\t\t\t\t\t\t\t\t<div class=\"post-3350 post type-post status-publish format-standard has-post-thumbnail hentry category-yasam\">\r\n\t\t\t\t\t\t\t\t\t\t\t\t\t\t\t\t\t\t\t\t<div class=\"entry-cover\">\r\n\t\t\t\t\t\t\t\t\t\t\t\t<div class=\"post-meta\">\r\n\t\t\t\t\t\t\t\t\t\t\t\t\t<span class=\"byline\">by\t\t\t\t\t\t\t\t\t\t\t\t\t\t<a href=\"https:\/\/www.skechers.com.tr\/blog\/author\/olka\/\" title=\"Skechers T\u00fcrkiye\">Skechers T\u00fcrkiye<\/a>\r\n\t\t\t\t\t\t\t\t\t\t\t\t\t<\/span>\r\n\t\t\t\t\t\t\t\t\t\t\t\t\t<span class=\"post-date\">\r\n\t\t\t\t\t\t\t\t\t\t\t\t\t\t<a href=\"https:\/\/www.skechers.com.tr\/blog\/yagmurlu-gunlerde-yuruyus-kaymadan-konforlu-kalma-ipuclari\/\">Mart 4, 2026<\/a>\r\n\t\t\t\t\t\t\t\t\t\t\t\t\t<\/span>\r\n\t\t\t\t\t\t\t\t\t\t\t\t<\/div>\r\n\t\t\t\t\t\t\t\t\t\t\t\t<a href=\"https:\/\/www.skechers.com.tr\/blog\/yagmurlu-gunlerde-yuruyus-kaymadan-konforlu-kalma-ipuclari\/\">\r\n\t\t\t\t\t\t\t\t\t\t\t\t\t<img width=\"440\" height=\"580\" src=\"https:\/\/www.skechers.com.tr\/blog\/wp-content\/uploads\/2026\/03\/yuruyus-440x580.jpg\" class=\"attachment-minimag_440_580 size-minimag_440_580 wp-post-image\" alt=\"y\u00fcr\u00fcy\u00fc\u015f\" decoding=\"async\" loading=\"lazy\" \/>\t\t\t\t\t\t\t\t\t\t\t\t<\/a>\r\n\t\t\t\t\t\t\t\t\t\t\t<\/div>\r\n\t\t\t\t\t\t\t\t\t\t\t\t\t\t\t\t\t\t\t\t<div class=\"entry-content\">\r\n\t\t\t\t\t\t\t\t\t\t<div class=\"entry-header\">\t\r\n\t\t\t\t\t\t\t\t\t\t\t\t\t\t\t\t\t\t\t\t\t\t\t<span class=\"post-category\">\r\n\t\t\t\t\t\t\t\t\t\t\t\t\t<a href=\"https:\/\/www.skechers.com.tr\/blog\/yasam\/\" rel=\"category tag\">Ya\u015fam<\/a>\t\t\t\t\t\t\t\t\t\t\t\t<\/span>\r\n\t\t\t\t\t\t\t\t\t\t\t\t\t\t\t\t\t\t\t\t\t\t\t<h3 class=\"entry-title\">\r\n\t\t\t\t\t\t\t\t\t\t\t\t<a href=\"https:\/\/www.skechers.com.tr\/blog\/yagmurlu-gunlerde-yuruyus-kaymadan-konforlu-kalma-ipuclari\/\" title=\"Ya\u011fmurlu G\u00fcnlerde Y\u00fcr\u00fcy\u00fc\u015f: Kaymadan Konforlu Kalma \u0130pu\u00e7lar\u0131\">Ya\u011fmurlu G\u00fcnlerde Y\u00fcr\u00fcy\u00fc\u015f: Kaymadan Konforlu Kalma \u0130pu\u00e7lar\u0131<\/a>\r\n\t\t\t\t\t\t\t\t\t\t\t<\/h3>\r\n\t\t\t\t\t\t\t\t\t\t<\/div>\t\t\t\t\t\t\t\t\r\n\t\t\t\t\t\t\t\t\t\t<p>Ya\u011fmurun camlara vurdu\u011fu o an var ya\u2026 \u015eehir bir anda film sahnesi gibi g\u00f6r\u00fcn\u00fcr. Sokaklar daha sakin, hava daha temiz, ritim daha yava\u015f. Yine de ...<\/p>\r\n\t\t\t\t\t\t\t\t\t\t<a href=\"https:\/\/www.skechers.com.tr\/blog\/yagmurlu-gunlerde-yuruyus-kaymadan-konforlu-kalma-ipuclari\/\" title=\"Read More\">\r\n\t\t\t\t\t\t\t\t\t\t\tRead More\t\t\t\t\t\t\t\t\t\t<\/a>\r\n\t\t\t\t\t\t\t\t\t<\/div>\r\n\t\t\t\t\t\t\t\t<\/div>\r\n\t\t\t\t\t\t\t<\/div>\r\n\t\t\t\t\t\t\t\t\t\t\t\t\t\t<div class=\"col-lg-6 col-md-6 col-sm-6 blog-masonry-box 1\">\r\n\t\t\t\t\t\t\t\t<div class=\"post-3347 post type-post status-publish format-standard has-post-thumbnail hentry category-fit\">\r\n\t\t\t\t\t\t\t\t\t\t\t\t\t\t\t\t\t\t\t\t<div class=\"entry-cover\">\r\n\t\t\t\t\t\t\t\t\t\t\t\t<div class=\"post-meta\">\r\n\t\t\t\t\t\t\t\t\t\t\t\t\t<span class=\"byline\">by\t\t\t\t\t\t\t\t\t\t\t\t\t\t<a href=\"https:\/\/www.skechers.com.tr\/blog\/author\/olka\/\" title=\"Skechers T\u00fcrkiye\">Skechers T\u00fcrkiye<\/a>\r\n\t\t\t\t\t\t\t\t\t\t\t\t\t<\/span>\r\n\t\t\t\t\t\t\t\t\t\t\t\t\t<span class=\"post-date\">\r\n\t\t\t\t\t\t\t\t\t\t\t\t\t\t<a href=\"https:\/\/www.skechers.com.tr\/blog\/legging-ile-7-kombin-spor-salonundan-kahve-molasina\/\">Mart 4, 2026<\/a>\r\n\t\t\t\t\t\t\t\t\t\t\t\t\t<\/span>\r\n\t\t\t\t\t\t\t\t\t\t\t\t<\/div>\r\n\t\t\t\t\t\t\t\t\t\t\t\t<a href=\"https:\/\/www.skechers.com.tr\/blog\/legging-ile-7-kombin-spor-salonundan-kahve-molasina\/\">\r\n\t\t\t\t\t\t\t\t\t\t\t\t\t<img width=\"440\" height=\"440\" src=\"https:\/\/www.skechers.com.tr\/blog\/wp-content\/uploads\/2026\/03\/leggingg-440x440.jpg\" class=\"attachment-minimag_440_440 size-minimag_440_440 wp-post-image\" alt=\"leggingg\" decoding=\"async\" loading=\"lazy\" srcset=\"https:\/\/www.skechers.com.tr\/blog\/wp-content\/uploads\/2026\/03\/leggingg-440x440.jpg 440w, https:\/\/www.skechers.com.tr\/blog\/wp-content\/uploads\/2026\/03\/leggingg-150x150.jpg 150w, https:\/\/www.skechers.com.tr\/blog\/wp-content\/uploads\/2026\/03\/leggingg-170x170.jpg 170w, https:\/\/www.skechers.com.tr\/blog\/wp-content\/uploads\/2026\/03\/leggingg-370x370.jpg 370w\" sizes=\"(max-width: 440px) 100vw, 440px\" \/>\t\t\t\t\t\t\t\t\t\t\t\t<\/a>\r\n\t\t\t\t\t\t\t\t\t\t\t<\/div>\r\n\t\t\t\t\t\t\t\t\t\t\t\t\t\t\t\t\t\t\t\t<div class=\"entry-content\">\r\n\t\t\t\t\t\t\t\t\t\t<div class=\"entry-header\">\t\r\n\t\t\t\t\t\t\t\t\t\t\t\t\t\t\t\t\t\t\t\t\t\t\t<span class=\"post-category\">\r\n\t\t\t\t\t\t\t\t\t\t\t\t\t<a href=\"https:\/\/www.skechers.com.tr\/blog\/fit\/\" rel=\"category tag\">Fit<\/a>\t\t\t\t\t\t\t\t\t\t\t\t<\/span>\r\n\t\t\t\t\t\t\t\t\t\t\t\t\t\t\t\t\t\t\t\t\t\t\t<h3 class=\"entry-title\">\r\n\t\t\t\t\t\t\t\t\t\t\t\t<a href=\"https:\/\/www.skechers.com.tr\/blog\/legging-ile-7-kombin-spor-salonundan-kahve-molasina\/\" title=\"Legging ile 7 Kombin: Spor Salonundan Kahve Molas\u0131na\">Legging ile 7 Kombin: Spor Salonundan Kahve Molas\u0131na<\/a>\r\n\t\t\t\t\t\t\t\t\t\t\t<\/h3>\r\n\t\t\t\t\t\t\t\t\t\t<\/div>\t\t\t\t\t\t\t\t\r\n\t\t\t\t\t\t\t\t\t\t<p>Sadece ter d\u00f6kt\u00fc\u011f\u00fcm\u00fcz antrenman saatlerinin sad\u0131k e\u015flik\u00e7isi olmaktan \u00e7\u0131kan legging, s\u0131n\u0131rlar\u0131n\u0131 zorlayarak soka\u011f\u0131n en g\u00fc\u00e7l\u00fc par\u00e7alar\u0131ndan birine d\u00f6n\u00fc\u015ft\u00fc. Bug\u00fcn gard\u0131robun kap\u0131s\u0131n\u0131 a\u00e7t\u0131\u011f\u0131m\u0131zda bizi kar\u015f\u0131layan o ...<\/p>\r\n\t\t\t\t\t\t\t\t\t\t<a href=\"https:\/\/www.skechers.com.tr\/blog\/legging-ile-7-kombin-spor-salonundan-kahve-molasina\/\" title=\"Read More\">\r\n\t\t\t\t\t\t\t\t\t\t\tRead More\t\t\t\t\t\t\t\t\t\t<\/a>\r\n\t\t\t\t\t\t\t\t\t<\/div>\r\n\t\t\t\t\t\t\t\t<\/div>\r\n\t\t\t\t\t\t\t<\/div>\r\n\t\t\t\t\t\t\t\t\t\t\t\t\t\t<div class=\"col-lg-6 col-md-6 col-sm-6 blog-masonry-box 1\">\r\n\t\t\t\t\t\t\t\t<div class=\"post-3343 post type-post status-publish format-standard has-post-thumbnail hentry category-moda\">\r\n\t\t\t\t\t\t\t\t\t\t\t\t\t\t\t\t\t\t\t\t<div class=\"entry-cover\">\r\n\t\t\t\t\t\t\t\t\t\t\t\t<div class=\"post-meta\">\r\n\t\t\t\t\t\t\t\t\t\t\t\t\t<span class=\"byline\">by\t\t\t\t\t\t\t\t\t\t\t\t\t\t<a href=\"https:\/\/www.skechers.com.tr\/blog\/author\/olka\/\" title=\"Skechers T\u00fcrkiye\">Skechers T\u00fcrkiye<\/a>\r\n\t\t\t\t\t\t\t\t\t\t\t\t\t<\/span>\r\n\t\t\t\t\t\t\t\t\t\t\t\t\t<span class=\"post-date\">\r\n\t\t\t\t\t\t\t\t\t\t\t\t\t\t<a href=\"https:\/\/www.skechers.com.tr\/blog\/kadin-sneaker-kombinleri-8-mart-haftasi-icin-10-rahat-stil-fikri\/\">Mart 4, 2026<\/a>\r\n\t\t\t\t\t\t\t\t\t\t\t\t\t<\/span>\r\n\t\t\t\t\t\t\t\t\t\t\t\t<\/div>\r\n\t\t\t\t\t\t\t\t\t\t\t\t<a href=\"https:\/\/www.skechers.com.tr\/blog\/kadin-sneaker-kombinleri-8-mart-haftasi-icin-10-rahat-stil-fikri\/\">\r\n\t\t\t\t\t\t\t\t\t\t\t\t\t<img width=\"440\" height=\"294\" src=\"https:\/\/www.skechers.com.tr\/blog\/wp-content\/uploads\/2026\/03\/kadinlar-gunu-440x294.jpg\" class=\"attachment-minimag_440_294 size-minimag_440_294 wp-post-image\" alt=\"kad\u0131nlar gunu\" decoding=\"async\" loading=\"lazy\" srcset=\"https:\/\/www.skechers.com.tr\/blog\/wp-content\/uploads\/2026\/03\/kadinlar-gunu-440x294.jpg 440w, https:\/\/www.skechers.com.tr\/blog\/wp-content\/uploads\/2026\/03\/kadinlar-gunu-345x230.jpg 345w, https:\/\/www.skechers.com.tr\/blog\/wp-content\/uploads\/2026\/03\/kadinlar-gunu-770x513.jpg 770w, https:\/\/www.skechers.com.tr\/blog\/wp-content\/uploads\/2026\/03\/kadinlar-gunu-370x247.jpg 370w, https:\/\/www.skechers.com.tr\/blog\/wp-content\/uploads\/2026\/03\/kadinlar-gunu-570x380.jpg 570w, https:\/\/www.skechers.com.tr\/blog\/wp-content\/uploads\/2026\/03\/kadinlar-gunu-170x113.jpg 170w\" sizes=\"(max-width: 440px) 100vw, 440px\" \/>\t\t\t\t\t\t\t\t\t\t\t\t<\/a>\r\n\t\t\t\t\t\t\t\t\t\t\t<\/div>\r\n\t\t\t\t\t\t\t\t\t\t\t\t\t\t\t\t\t\t\t\t<div class=\"entry-content\">\r\n\t\t\t\t\t\t\t\t\t\t<div class=\"entry-header\">\t\r\n\t\t\t\t\t\t\t\t\t\t\t\t\t\t\t\t\t\t\t\t\t\t\t<span class=\"post-category\">\r\n\t\t\t\t\t\t\t\t\t\t\t\t\t<a href=\"https:\/\/www.skechers.com.tr\/blog\/moda\/\" rel=\"category tag\">Moda<\/a>\t\t\t\t\t\t\t\t\t\t\t\t<\/span>\r\n\t\t\t\t\t\t\t\t\t\t\t\t\t\t\t\t\t\t\t\t\t\t\t<h3 class=\"entry-title\">\r\n\t\t\t\t\t\t\t\t\t\t\t\t<a href=\"https:\/\/www.skechers.com.tr\/blog\/kadin-sneaker-kombinleri-8-mart-haftasi-icin-10-rahat-stil-fikri\/\" title=\"Kad\u0131n Sneaker Kombinleri: 8 Mart Haftas\u0131 \u0130\u00e7in 10 Rahat Stil Fikri\">Kad\u0131n Sneaker Kombinleri: 8 Mart Haftas\u0131 \u0130\u00e7in 10 Rahat Stil Fikri<\/a>\r\n\t\t\t\t\t\t\t\t\t\t\t<\/h3>\r\n\t\t\t\t\t\t\t\t\t\t<\/div>\t\t\t\t\t\t\t\t\r\n\t\t\t\t\t\t\t\t\t\t<p>8 Mart D\u00fcnya Kad\u0131nlar G\u00fcn\u00fc, takvimde tek bir g\u00fcne s\u0131\u011fmayacak kadar g\u00fc\u00e7l\u00fc bir hat\u0131rlatma. Bu hafta, s\u0131n\u0131rlar\u0131 zorlayan bir zarafetle konforun el ele verdi\u011fi, her ...<\/p>\r\n\t\t\t\t\t\t\t\t\t\t<a href=\"https:\/\/www.skechers.com.tr\/blog\/kadin-sneaker-kombinleri-8-mart-haftasi-icin-10-rahat-stil-fikri\/\" title=\"Read More\">\r\n\t\t\t\t\t\t\t\t\t\t\tRead More\t\t\t\t\t\t\t\t\t\t<\/a>\r\n\t\t\t\t\t\t\t\t\t<\/div>\r\n\t\t\t\t\t\t\t\t<\/div>\r\n\t\t\t\t\t\t\t<\/div>\r\n\t\t\t\t\t\t\t<\/div><!-- Row \/- -->\n\t<nav class=\"navigation pagination\" aria-label=\"Yaz\u0131lar\">\n\t\t<h2 class=\"screen-reader-text\">Yaz\u0131 dola\u015f\u0131m\u0131<\/h2>\n\t\t<div class=\"nav-links\"><span aria-current=\"page\" class=\"page-numbers current\"><span class=\"meta-nav screen-reader-text\">Page <\/span>1<\/span>\n<a class=\"page-numbers\" href=\"https:\/\/www.skechers.com.tr\/blog\/wp-json\/wp\/v2\/pages\/2434\/page\/2\/\"><span class=\"meta-nav screen-reader-text\">Page <\/span>2<\/a>\n<span class=\"page-numbers dots\">&hellip;<\/span>\n<a class=\"page-numbers\" href=\"https:\/\/www.skechers.com.tr\/blog\/wp-json\/wp\/v2\/pages\/2434\/page\/48\/\"><span class=\"meta-nav screen-reader-text\">Page <\/span>48<\/a>\n<a class=\"next page-numbers\" href=\"https:\/\/www.skechers.com.tr\/blog\/wp-json\/wp\/v2\/pages\/2434\/page\/2\/\">Next<\/a><\/div>\n\t<\/nav>\t\t\t\t<\/div><!-- Content Area \/- -->\r\n\t\t\t<\/div>\r\n\t\t<\/div><!-- Container \/- -->\r\n\t<\/div><!-- Page Content \/- -->\r\n\t\t\r\n\t[\/vc_column][\/vc_row][vc_row][vc_column]\t\t<!-- Trending Section -->\r\n\t\t<div class=\"container-fluid no-left-padding no-right-padding trending-section\">\r\n\t\t\t<!-- Container -->\r\n\t\t\t<div class=\"container no-padding\">\r\n\t\t\t\t\t\t\t\t\t<!-- Section Header -->\r\n\t\t\t\t\t<div class=\"section-header\">\r\n\t\t\t\t\t\t<h3>Pop\u00fcler Postlar<\/h3>\r\n\t\t\t\t\t<\/div><!-- Section Header \/- -->\r\n\t\t\t\t\t\t\t\t\t\t<div class=\"image-loader spinner-image\">\r\n\t\t\t\t\t\t<div class=\"spinner\">\r\n\t\t\t\t\t\t\t<div class=\"dot1\"><\/div>\r\n\t\t\t\t\t\t\t<div class=\"dot2\"><\/div>\r\n\t\t\t\t\t\t\t<div class=\"bounce1\"><\/div>\r\n\t\t\t\t\t\t\t<div class=\"bounce2\"><\/div>\r\n\t\t\t\t\t\t\t<div class=\"bounce3\"><\/div>\r\n\t\t\t\t\t\t<\/div>\r\n\t\t\t\t\t<\/div>\r\n\t\t\t\t\t<div class=\"trending-carousel\">\r\n\t\t\t\t\t\t\t\t\t\t\t\t\t\t\t<div class=\"type-post\">\r\n\t\t\t\t\t\t\t\t\t\t\t\t\t\t\t\t\t\t\t\t\t\t<div class=\"entry-cover\">\r\n\t\t\t\t\t\t\t\t\t\t\t\t\t<a href=\"https:\/\/www.skechers.com.tr\/blog\/kardiyo-nedir-kardiyo-egzersizleri\/\">\r\n\t\t\t\t\t\t\t\t\t\t\t\t\t\t<img width=\"270\" height=\"220\" src=\"https:\/\/www.skechers.com.tr\/blog\/wp-content\/uploads\/2023\/09\/Kardiyo-270x220.jpg\" class=\"attachment-minimag_270_220 size-minimag_270_220 wp-post-image\" alt=\"Kardiyo\" decoding=\"async\" loading=\"lazy\" srcset=\"https:\/\/www.skechers.com.tr\/blog\/wp-content\/uploads\/2023\/09\/Kardiyo-270x220.jpg 270w, https:\/\/www.skechers.com.tr\/blog\/wp-content\/uploads\/2023\/09\/Kardiyo-100x80.jpg 100w\" sizes=\"(max-width: 270px) 100vw, 270px\" \/>\t\t\t\t\t\t\t\t\t\t\t\t\t<\/a>\r\n\t\t\t\t\t\t\t\t\t\t\t\t<\/div>\r\n\t\t\t\t\t\t\t\t\t\t\t\t\t\t\t\t\t\t\t\t\t\t<div class=\"entry-content\">\r\n\t\t\t\t\t\t\t\t\t\t\t<div class=\"entry-header\">\r\n\t\t\t\t\t\t\t\t\t\t\t\t\t\t\t\t\t\t\t\t\t\t\t\t\t<span><a href=\"https:\/\/www.skechers.com.tr\/blog\/fit\/\" rel=\"category tag\">Fit<\/a><\/span>\r\n\t\t\t\t\t\t\t\t\t\t\t\t\t\t\t\t\t\t\t\t\t\t\t\t\t<h3 class=\"entry-title\"><a href=\"https:\/\/www.skechers.com.tr\/blog\/kardiyo-nedir-kardiyo-egzersizleri\/\">Kardiyo Nedir? &#038; Kardiyo Egzersizleri<\/a><\/h3>\r\n\t\t\t\t\t\t\t\t\t\t\t<\/div>\r\n\t\t\t\t\t\t\t\t\t\t<\/div>\r\n\t\t\t\t\t\t\t\t\t<\/div>\r\n\t\t\t\t\t\t\t\t\t\t\t\t\t\t\t\t\t\t<div class=\"type-post\">\r\n\t\t\t\t\t\t\t\t\t\t\t\t\t\t\t\t\t\t\t\t\t\t<div class=\"entry-cover\">\r\n\t\t\t\t\t\t\t\t\t\t\t\t\t<a href=\"https:\/\/www.skechers.com.tr\/blog\/maydanoz-suyu-nasil-yapilir-zayiflatir-mi\/\">\r\n\t\t\t\t\t\t\t\t\t\t\t\t\t\t<img width=\"270\" height=\"180\" src=\"https:\/\/www.skechers.com.tr\/blog\/wp-content\/uploads\/2022\/01\/pexels-roman-odintsov-4551834.jpg\" class=\"attachment-minimag_270_220 size-minimag_270_220 wp-post-image\" alt=\"Maydanoz Suyu Nas\u0131l Yap\u0131l\u0131r, Zay\u0131flat\u0131r m\u0131?\" decoding=\"async\" loading=\"lazy\" srcset=\"https:\/\/www.skechers.com.tr\/blog\/wp-content\/uploads\/2022\/01\/pexels-roman-odintsov-4551834.jpg 800w, https:\/\/www.skechers.com.tr\/blog\/wp-content\/uploads\/2022\/01\/pexels-roman-odintsov-4551834-300x200.jpg 300w, https:\/\/www.skechers.com.tr\/blog\/wp-content\/uploads\/2022\/01\/pexels-roman-odintsov-4551834-768x512.jpg 768w\" sizes=\"(max-width: 270px) 100vw, 270px\" \/>\t\t\t\t\t\t\t\t\t\t\t\t\t<\/a>\r\n\t\t\t\t\t\t\t\t\t\t\t\t<\/div>\r\n\t\t\t\t\t\t\t\t\t\t\t\t\t\t\t\t\t\t\t\t\t\t<div class=\"entry-content\">\r\n\t\t\t\t\t\t\t\t\t\t\t<div class=\"entry-header\">\r\n\t\t\t\t\t\t\t\t\t\t\t\t\t\t\t\t\t\t\t\t\t\t\t\t\t<span><a href=\"https:\/\/www.skechers.com.tr\/blog\/yasam\/\" rel=\"category tag\">Ya\u015fam<\/a><\/span>\r\n\t\t\t\t\t\t\t\t\t\t\t\t\t\t\t\t\t\t\t\t\t\t\t\t\t<h3 class=\"entry-title\"><a href=\"https:\/\/www.skechers.com.tr\/blog\/maydanoz-suyu-nasil-yapilir-zayiflatir-mi\/\">Maydanoz Suyu Nas\u0131l Yap\u0131l\u0131r, Zay\u0131flat\u0131r m\u0131?<\/a><\/h3>\r\n\t\t\t\t\t\t\t\t\t\t\t<\/div>\r\n\t\t\t\t\t\t\t\t\t\t<\/div>\r\n\t\t\t\t\t\t\t\t\t<\/div>\r\n\t\t\t\t\t\t\t\t\t\t\t\t\t\t\t\t\t\t<div class=\"type-post\">\r\n\t\t\t\t\t\t\t\t\t\t\t\t\t\t\t\t\t\t\t\t\t\t<div class=\"entry-cover\">\r\n\t\t\t\t\t\t\t\t\t\t\t\t\t<a href=\"https:\/\/www.skechers.com.tr\/blog\/plank-hareketinin-faydalari-nelerdir\/\">\r\n\t\t\t\t\t\t\t\t\t\t\t\t\t\t<img width=\"270\" height=\"180\" src=\"https:\/\/www.skechers.com.tr\/blog\/wp-content\/uploads\/2021\/06\/pexels-evelina-zhu-5035011.jpg\" class=\"attachment-minimag_270_220 size-minimag_270_220 wp-post-image\" alt=\"Plank Ne Demek?\u00a0\" decoding=\"async\" loading=\"lazy\" srcset=\"https:\/\/www.skechers.com.tr\/blog\/wp-content\/uploads\/2021\/06\/pexels-evelina-zhu-5035011.jpg 828w, https:\/\/www.skechers.com.tr\/blog\/wp-content\/uploads\/2021\/06\/pexels-evelina-zhu-5035011-300x200.jpg 300w, https:\/\/www.skechers.com.tr\/blog\/wp-content\/uploads\/2021\/06\/pexels-evelina-zhu-5035011-768x512.jpg 768w\" sizes=\"(max-width: 270px) 100vw, 270px\" \/>\t\t\t\t\t\t\t\t\t\t\t\t\t<\/a>\r\n\t\t\t\t\t\t\t\t\t\t\t\t<\/div>\r\n\t\t\t\t\t\t\t\t\t\t\t\t\t\t\t\t\t\t\t\t\t\t<div class=\"entry-content\">\r\n\t\t\t\t\t\t\t\t\t\t\t<div class=\"entry-header\">\r\n\t\t\t\t\t\t\t\t\t\t\t\t\t\t\t\t\t\t\t\t\t\t\t\t\t<span><a href=\"https:\/\/www.skechers.com.tr\/blog\/fit\/\" rel=\"category tag\">Fit<\/a><\/span>\r\n\t\t\t\t\t\t\t\t\t\t\t\t\t\t\t\t\t\t\t\t\t\t\t\t\t<h3 class=\"entry-title\"><a href=\"https:\/\/www.skechers.com.tr\/blog\/plank-hareketinin-faydalari-nelerdir\/\">Plank Hareketinin Faydalar\u0131 Nelerdir?<\/a><\/h3>\r\n\t\t\t\t\t\t\t\t\t\t\t<\/div>\r\n\t\t\t\t\t\t\t\t\t\t<\/div>\r\n\t\t\t\t\t\t\t\t\t<\/div>\r\n\t\t\t\t\t\t\t\t\t\t\t\t\t\t\t\t\t\t<div class=\"type-post\">\r\n\t\t\t\t\t\t\t\t\t\t\t\t\t\t\t\t\t\t\t\t\t\t<div class=\"entry-cover\">\r\n\t\t\t\t\t\t\t\t\t\t\t\t\t<a href=\"https:\/\/www.skechers.com.tr\/blog\/tarakli-ayaklar-icin-ideal-ayakkabi-nasil-olur\/\">\r\n\t\t\t\t\t\t\t\t\t\t\t\t\t\t<img width=\"270\" height=\"180\" src=\"https:\/\/www.skechers.com.tr\/blog\/wp-content\/uploads\/2021\/05\/pexels-andrea-piacquadio-3760273.jpg\" class=\"attachment-minimag_270_220 size-minimag_270_220 wp-post-image\" alt=\"Tarakl\u0131 Ayak Nedir?\" decoding=\"async\" loading=\"lazy\" srcset=\"https:\/\/www.skechers.com.tr\/blog\/wp-content\/uploads\/2021\/05\/pexels-andrea-piacquadio-3760273.jpg 828w, https:\/\/www.skechers.com.tr\/blog\/wp-content\/uploads\/2021\/05\/pexels-andrea-piacquadio-3760273-300x200.jpg 300w, https:\/\/www.skechers.com.tr\/blog\/wp-content\/uploads\/2021\/05\/pexels-andrea-piacquadio-3760273-768x512.jpg 768w\" sizes=\"(max-width: 270px) 100vw, 270px\" \/>\t\t\t\t\t\t\t\t\t\t\t\t\t<\/a>\r\n\t\t\t\t\t\t\t\t\t\t\t\t<\/div>\r\n\t\t\t\t\t\t\t\t\t\t\t\t\t\t\t\t\t\t\t\t\t\t<div class=\"entry-content\">\r\n\t\t\t\t\t\t\t\t\t\t\t<div class=\"entry-header\">\r\n\t\t\t\t\t\t\t\t\t\t\t\t\t\t\t\t\t\t\t\t\t\t\t\t\t<span><a href=\"https:\/\/www.skechers.com.tr\/blog\/saglik\/\" rel=\"category tag\">Sa\u011fl\u0131k<\/a><\/span>\r\n\t\t\t\t\t\t\t\t\t\t\t\t\t\t\t\t\t\t\t\t\t\t\t\t\t<h3 class=\"entry-title\"><a href=\"https:\/\/www.skechers.com.tr\/blog\/tarakli-ayaklar-icin-ideal-ayakkabi-nasil-olur\/\">Tarakl\u0131 Ayaklar \u0130\u00e7in \u0130deal Ayakkab\u0131 Nas\u0131l Olur?<\/a><\/h3>\r\n\t\t\t\t\t\t\t\t\t\t\t<\/div>\r\n\t\t\t\t\t\t\t\t\t\t<\/div>\r\n\t\t\t\t\t\t\t\t\t<\/div>\r\n\t\t\t\t\t\t\t\t\t\t\t\t\t\t<\/div>\r\n\t\t\t\t\t\t\t\t<\/div><!-- Container \/- -->\r\n\t\t<\/div><!-- Trending Section \/- -->\r\n\t\t[\/vc_column][\/vc_row]<\/p>\n","protected":false},"excerpt":{"rendered":"<p>[vc_row equal_height=&#8221;yes&#8221; stop_spacing=&#8221;no&#8221; sbot_spacing=&#8221;yes&#8221; spadding=&#8221;spaddingbottom&#8221;][vc_column][\/vc_column][\/vc_row][vc_row equal_height=&#8221;yes&#8221; content_placement=&#8221;top&#8221; type=&#8221;container&#8221;][vc_column][\/vc_column][\/vc_row][vc_row][vc_column][\/vc_column][\/vc_row]<\/p>\n","protected":false},"author":2,"featured_media":0,"parent":0,"menu_order":0,"comment_status":"closed","ping_status":"closed","template":"","meta":[],"yoast_head":"<!-- This site is optimized with the Yoast SEO plugin v18.5.1 - https:\/\/yoast.com\/wordpress\/plugins\/seo\/ -->\n<title>Anasayfa - Skechers Blog<\/title>\n<meta name=\"robots\" content=\"index, follow, max-snippet:-1, max-image-preview:large, max-video-preview:-1\" \/>\n<link rel=\"canonical\" href=\"https:\/\/www.skechers.com.tr\/blog\/\" \/>\n<meta property=\"og:locale\" content=\"tr_TR\" \/>\n<meta property=\"og:type\" content=\"article\" \/>\n<meta property=\"og:title\" content=\"Anasayfa - Skechers Blog\" \/>\n<meta property=\"og:description\" content=\"[vc_row equal_height=&#8221;yes&#8221; stop_spacing=&#8221;no&#8221; sbot_spacing=&#8221;yes&#8221; spadding=&#8221;spaddingbottom&#8221;][vc_column][\/vc_column][\/vc_row][vc_row equal_height=&#8221;yes&#8221; content_placement=&#8221;top&#8221; type=&#8221;container&#8221;][vc_column][\/vc_column][\/vc_row][vc_row][vc_column][\/vc_column][\/vc_row]\" \/>\n<meta property=\"og:url\" content=\"https:\/\/www.skechers.com.tr\/blog\/\" \/>\n<meta property=\"og:site_name\" content=\"Skechers Blog\" \/>\n<meta property=\"article:modified_time\" content=\"2022-09-23T08:56:26+00:00\" \/>\n<meta name=\"twitter:card\" content=\"summary_large_image\" \/>\n<meta name=\"twitter:label1\" content=\"Tahmini okuma s\u00fcresi\" \/>\n\t<meta name=\"twitter:data1\" content=\"1 dakika\" \/>\n<script type=\"application\/ld+json\" class=\"yoast-schema-graph\">{\"@context\":\"https:\/\/schema.org\",\"@graph\":[{\"@type\":\"WebSite\",\"@id\":\"https:\/\/www.skechers.com.tr\/blog\/#website\",\"url\":\"https:\/\/www.skechers.com.tr\/blog\/\",\"name\":\"Skechers Blog\",\"description\":\"Skechers\",\"potentialAction\":[{\"@type\":\"SearchAction\",\"target\":{\"@type\":\"EntryPoint\",\"urlTemplate\":\"https:\/\/www.skechers.com.tr\/blog\/?s={search_term_string}\"},\"query-input\":\"required name=search_term_string\"}],\"inLanguage\":\"tr\"},{\"@type\":\"WebPage\",\"@id\":\"https:\/\/www.skechers.com.tr\/blog\/#webpage\",\"url\":\"https:\/\/www.skechers.com.tr\/blog\/\",\"name\":\"Anasayfa - Skechers Blog\",\"isPartOf\":{\"@id\":\"https:\/\/www.skechers.com.tr\/blog\/#website\"},\"datePublished\":\"2022-04-05T12:35:26+00:00\",\"dateModified\":\"2022-09-23T08:56:26+00:00\",\"breadcrumb\":{\"@id\":\"https:\/\/www.skechers.com.tr\/blog\/#breadcrumb\"},\"inLanguage\":\"tr\",\"potentialAction\":[{\"@type\":\"ReadAction\",\"target\":[\"https:\/\/www.skechers.com.tr\/blog\/\"]}]},{\"@type\":\"BreadcrumbList\",\"@id\":\"https:\/\/www.skechers.com.tr\/blog\/#breadcrumb\",\"itemListElement\":[{\"@type\":\"ListItem\",\"position\":1,\"name\":\"Anasayfa\"}]}]}<\/script>\n<!-- \/ Yoast SEO plugin. -->","yoast_head_json":{"title":"Anasayfa - Skechers Blog","robots":{"index":"index","follow":"follow","max-snippet":"max-snippet:-1","max-image-preview":"max-image-preview:large","max-video-preview":"max-video-preview:-1"},"canonical":"https:\/\/www.skechers.com.tr\/blog\/","og_locale":"tr_TR","og_type":"article","og_title":"Anasayfa - Skechers Blog","og_description":"[vc_row equal_height=&#8221;yes&#8221; stop_spacing=&#8221;no&#8221; sbot_spacing=&#8221;yes&#8221; spadding=&#8221;spaddingbottom&#8221;][vc_column][\/vc_column][\/vc_row][vc_row equal_height=&#8221;yes&#8221; content_placement=&#8221;top&#8221; type=&#8221;container&#8221;][vc_column][\/vc_column][\/vc_row][vc_row][vc_column][\/vc_column][\/vc_row]","og_url":"https:\/\/www.skechers.com.tr\/blog\/","og_site_name":"Skechers Blog","article_modified_time":"2022-09-23T08:56:26+00:00","twitter_card":"summary_large_image","twitter_misc":{"Tahmini okuma s\u00fcresi":"1 dakika"},"schema":{"@context":"https:\/\/schema.org","@graph":[{"@type":"WebSite","@id":"https:\/\/www.skechers.com.tr\/blog\/#website","url":"https:\/\/www.skechers.com.tr\/blog\/","name":"Skechers Blog","description":"Skechers","potentialAction":[{"@type":"SearchAction","target":{"@type":"EntryPoint","urlTemplate":"https:\/\/www.skechers.com.tr\/blog\/?s={search_term_string}"},"query-input":"required name=search_term_string"}],"inLanguage":"tr"},{"@type":"WebPage","@id":"https:\/\/www.skechers.com.tr\/blog\/#webpage","url":"https:\/\/www.skechers.com.tr\/blog\/","name":"Anasayfa - Skechers Blog","isPartOf":{"@id":"https:\/\/www.skechers.com.tr\/blog\/#website"},"datePublished":"2022-04-05T12:35:26+00:00","dateModified":"2022-09-23T08:56:26+00:00","breadcrumb":{"@id":"https:\/\/www.skechers.com.tr\/blog\/#breadcrumb"},"inLanguage":"tr","potentialAction":[{"@type":"ReadAction","target":["https:\/\/www.skechers.com.tr\/blog\/"]}]},{"@type":"BreadcrumbList","@id":"https:\/\/www.skechers.com.tr\/blog\/#breadcrumb","itemListElement":[{"@type":"ListItem","position":1,"name":"Anasayfa"}]}]}},"_links":{"self":[{"href":"https:\/\/www.skechers.com.tr\/blog\/wp-json\/wp\/v2\/pages\/2434"}],"collection":[{"href":"https:\/\/www.skechers.com.tr\/blog\/wp-json\/wp\/v2\/pages"}],"about":[{"href":"https:\/\/www.skechers.com.tr\/blog\/wp-json\/wp\/v2\/types\/page"}],"author":[{"embeddable":true,"href":"https:\/\/www.skechers.com.tr\/blog\/wp-json\/wp\/v2\/users\/2"}],"replies":[{"embeddable":true,"href":"https:\/\/www.skechers.com.tr\/blog\/wp-json\/wp\/v2\/comments?post=2434"}],"version-history":[{"count":54,"href":"https:\/\/www.skechers.com.tr\/blog\/wp-json\/wp\/v2\/pages\/2434\/revisions"}],"predecessor-version":[{"id":2546,"href":"https:\/\/www.skechers.com.tr\/blog\/wp-json\/wp\/v2\/pages\/2434\/revisions\/2546"}],"wp:attachment":[{"href":"https:\/\/www.skechers.com.tr\/blog\/wp-json\/wp\/v2\/media?parent=2434"}],"curies":[{"name":"wp","href":"https:\/\/api.w.org\/{rel}","templated":true}]}}